{"id":351,"date":"2020-09-22T12:43:26","date_gmt":"2020-09-22T12:43:26","guid":{"rendered":"https:\/\/aims-cameroon.org\/?page_id=351"},"modified":"2021-09-28T11:47:02","modified_gmt":"2021-09-28T11:47:02","slug":"newsroom","status":"publish","type":"page","link":"https:\/\/aims-cameroon.org\/fr\/newsroom\/","title":{"rendered":"Actualit\u00e9s"},"content":{"rendered":"<div class=\"wp-block-cover has-background-dim-30 has-background-dim has-custom-content-position is-position-bottom-left pad-5\" style=\"background-color:#161228;min-height:600px\"><img decoding=\"async\" loading=\"lazy\" width=\"1280\" height=\"856\" class=\"wp-block-cover__image-background wp-image-5730\" alt=\"\" src=\"https:\/\/aims-cameroon.org\/wp-content\/uploads\/sites\/6\/2021\/09\/5951551863449040252_121.jpg\" data-object-fit=\"cover\" srcset=\"https:\/\/aims-cameroon.org\/wp-content\/uploads\/sites\/6\/2021\/09\/5951551863449040252_121.jpg 1280w, https:\/\/aims-cameroon.org\/wp-content\/uploads\/sites\/6\/2021\/09\/5951551863449040252_121-300x201.jpg 300w, https:\/\/aims-cameroon.org\/wp-content\/uploads\/sites\/6\/2021\/09\/5951551863449040252_121-1024x685.jpg 1024w, https:\/\/aims-cameroon.org\/wp-content\/uploads\/sites\/6\/2021\/09\/5951551863449040252_121-768x514.jpg 768w, https:\/\/aims-cameroon.org\/wp-content\/uploads\/sites\/6\/2021\/09\/5951551863449040252_121-18x12.jpg 18w\" sizes=\"(max-width: 1280px) 100vw, 1280px\" \/><div class=\"wp-block-cover__inner-container\">\n<h1>Actualit\u00e9s<\/h1>\n\n\n\n<p><\/p>\n<\/div><\/div>\n\n\n\n\n<div class=\"w-85 center-auto raise-10 featured-post\">\n\n    \n<div class=\"w-85 center-auto raise-10 featured-post bg-alt pad-5\">\n\n<h2 class=\"white-text\"> AIMS Cameroun dipl\u00f4me 62 \u00e9tudiants de master en sciences math\u00e9matiques <\/h2>\n\n<p class=\"white-text\"> 11 ao\u00fbt 2026 <\/p>\n\n<p>Le 25 juin 2026, AIMS Cameroun a c\u00e9l\u00e9br\u00e9 la remise des dipl\u00f4mes de 62 \u00e9tudiants de master en sciences math\u00e9matiques lors d&#039;une c\u00e9r\u00e9monie organis\u00e9e sur son campus permanent \u00e0 Ngeme, Limb\u00e9. Cette c\u00e9r\u00e9monie a marqu\u00e9 la remise des dipl\u00f4mes de la 13e promotion du master structur\u00e9 et de la 6e promotion du master coop\u00e9ratif, r\u00e9unissant \u00e9tudiants, enseignants, partenaires et<\/p>\n \n\n<a class=\"link-button\" href=\"https:\/\/aims-cameroon.org\/fr\/aims-cameroon-graduates-62-masters-students-in-mathematical-sciences\/\">Lire la suite<\/a>\n\n<\/div>\n\n    \n<\/div>\n\n\n<div class=\"is-layout-flow wp-block-group pad-5\"><div class=\"wp-block-group__inner-container\">\n<div class=\"wp-block-advgb-adv-tabs advgb-tabs-wrapper advgb-tab-horz-desktop advgb-tab-horz-tablet advgb-tab-horz-mobile advgb-tabs-70bfb15b-b985-4a8d-83c9-266c84135545\" data-tab-active=\"0\"><ul class=\"advgb-tabs-panel\"><li class=\"advgb-tab\" style=\"background-color:#161228;border-style:solid;border-width:1px;border-radius:0px\"><a href=\"#advgb-tabs-tab0\" style=\"color:#fff\"><span>Blog<\/span><\/a><\/li><li class=\"advgb-tab\" style=\"background-color:#161228;border-style:solid;border-width:1px;border-radius:0px\"><a href=\"#advgb-tabs-tab1\" style=\"color:#fff\"><span>presse<\/span><\/a><\/li><li class=\"advgb-tab\" style=\"background-color:#161228;border-style:solid;border-width:1px;border-radius:0px\"><a href=\"#advgb-tabs-tab2\" style=\"color:#fff\"><span>M\u00e9dias<\/span><\/a><\/li><\/ul><div class=\"advgb-tab-body-wrapper\" style=\"border-style:solid;border-width:1px;border-radius:0px\">\n<div class=\"wp-block-advgb-tab advgb-tab-body-container flex-grp\"><div class=\"advgb-tab-body-header\">Blog<\/div><div class=\"advgb-tab-_b301fd-9f advgb-tab-body\" aria-labelledby=\"advgb-tabs-tab0\"><div class=\"search-filter-results\" id=\"search-filter-results-353\">\t\n\t\n\t<div class=\"pagination\">\n\t\t\t<\/div>\n\t\n\t\t\n\n\n\n\t\t\n\n\n\n\n\n\n\n\n\n\n\n\n <div class=\"blog-card col-lg-4 col-md-6\">\n<div class=\"blog-card-inner shadow\">\n\n\n\n\n\n \n    <div class=\"blog-card-top img-bg placeholder\" style=\"background-image: url(https:\/\/aims-cameroon.org\/wp-content\/uploads\/2020\/09\/African-Institute-for-Mathematical-Sciences-AIMS-Our-story-1.jpg )\"> <div class=\"placeholder-bg bg-alt\"> <\/div> <h3 class=\"white-text\">\n        \n        Article de blog\n    <\/h3> <\/div>\n\n\n\n\n\n    <div class=\"blog-card-top img-bg placeholder\" style=\"background-image: url(https:\/\/aims-cameroon.org\/wp-content\/uploads\/2020\/09\/Amended-Layouts_Page_33_Image_0001-scaled.jpg )\"> <div class=\"placeholder-bg bg-alt\"> <\/div> <h3 class=\"white-text\">\n        \n        Article de presse\n    <\/h3> <\/div>\n\n\n\n\n\n\n\n\n<div class=\"blog-card-bottom  pad-5\"> \n\n    <h3 class=\"center-text\"> AIMS-Cameroon Welcomes the 2026\/2027 Cohort with a Strong Call for Excellence, Integrity and Pan-Africanism <\/h3>\n    \n<p>The African Institute for Mathematical Sciences (AIMS) Cameroon has welcomed 100 new students for the 2026\/2027 academic year, marking the beginning of another exciting chapter in the academic and personal...<\/p>\n\n                     <a href=\"https:\/\/aims-cameroon.org\/fr\/aims-cameroon-welcomes-the-2026-2027-cohort\/\" title=\"Lire l&#039;article complet\" class=\"link-button\"> Lire la suite <\/a>\n\n<\/div>    <\/div>\n  \n\n<\/div>\n\n\n\n\n\n\n\t\t\t\n\n\n\n\t\t\n\n\n\n\n\n\n\n\n\n\n\n\n <div class=\"blog-card col-lg-4 col-md-6\">\n<div class=\"blog-card-inner shadow\">\n\n\n\n\n  <div class=\"blog-card-top img-bg\" style=\"background-image: url(https:\/\/aims-cameroon.org\/wp-content\/uploads\/sites\/6\/2026\/08\/Graduation-Class-of-2026_DSC1052.jpg )\"> \n\n\n<div class=\"article-tag\">  <\/div>\n\n<\/div>\n\n\n\n\n<div class=\"blog-card-bottom  pad-5\"> \n\n    <h3 class=\"center-text\"> AIMS Cameroun dipl\u00f4me 62 \u00e9tudiants de master en sciences math\u00e9matiques <\/h3>\n    \n<p>Le 25 juin 2026, l&#039;AIMS Cameroun a c\u00e9l\u00e9br\u00e9 la remise des dipl\u00f4mes de 62 \u00e9tudiants de master en sciences math\u00e9matiques lors d&#039;une c\u00e9r\u00e9monie organis\u00e9e sur son campus permanent \u00e0 Ngeme, Limb\u00e9. Cette c\u00e9r\u00e9monie a marqu\u00e9\u2026<\/p>\n\n                     <a href=\"https:\/\/aims-cameroon.org\/fr\/aims-cameroon-graduates-62-masters-students-in-mathematical-sciences\/\" title=\"Lire l&#039;article complet\" class=\"link-button\"> Lire la suite <\/a>\n\n<\/div>    <\/div>\n  \n\n<\/div>\n\n\n\n\n\n\n\t\t\t\n\n\n\n\t\t\n\n\n\n\n\n\n\n\n\n\n\n\n <div class=\"blog-card col-lg-4 col-md-6\">\n<div class=\"blog-card-inner shadow\">\n\n\n\n\n  <div class=\"blog-card-top img-bg\" style=\"background-image: url(https:\/\/aims-cameroon.org\/wp-content\/uploads\/sites\/6\/2026\/03\/dongho-joseph.jpeg )\"> \n\n\n<div class=\"article-tag\">  <\/div>\n\n<\/div>\n\n\n\n\n<div class=\"blog-card-bottom  pad-5\"> \n\n    <h3 class=\"center-text\"> Message de condol\u00e9ances \u2013 D\u00e9c\u00e8s du professeur Joseph Dongho <\/h3>\n    \n<p>Limb\u00e9, le 2 mars 2026. L\u2019Institut africain des sciences math\u00e9matiques (AIMS) a appris avec une profonde tristesse le d\u00e9c\u00e8s du professeur Joseph Dongho, survenu le 26 f\u00e9vrier 2026 \u00e0 Bafoussam.<\/p>\n\n                     <a href=\"https:\/\/aims-cameroon.org\/fr\/condolence-message-passing-of-professor-joseph-dongho\/\" title=\"Lire l&#039;article complet\" class=\"link-button\"> Lire la suite <\/a>\n\n<\/div>    <\/div>\n  \n\n<\/div>\n\n\n\n\n\n\n\t\t\t\n\n\n\n\t\t\n\n\n\n\n\n\n\n\n\n\n\n\n <div class=\"blog-card col-lg-4 col-md-6\">\n<div class=\"blog-card-inner shadow\">\n\n\n\n\n  <div class=\"blog-card-top img-bg\" style=\"background-image: url(https:\/\/aims-cameroon.org\/wp-content\/uploads\/sites\/6\/2025\/11\/baobab.jpeg )\"> \n\n\n<div class=\"article-tag\">  <\/div>\n\n<\/div>\n\n\n\n\n<div class=\"blog-card-bottom  pad-5\"> \n\n    <h3 class=\"center-text\"> R\u00e9flexions issues du Sommet Baobab 2025\u00a0: \u00ab\u00a0L\u2019essor du baobab \u2013 Cultiver l\u2019avenir gr\u00e2ce \u00e0 la jeunesse africaine\u00a0\u00bb <\/h3>\n    \n<p>Du 17 au 19 octobre 2025, Nairobi, au Kenya, est devenue un v\u00e9ritable centre d&#039;innovation et d&#039;inspiration, r\u00e9unissant 698 boursiers de la Fondation Mastercard, anciens \u00e9l\u00e8ves, institutions partenaires et chefs d&#039;entreprise \u00e0 l&#039;occasion du Baobab...<\/p>\n\n                     <a href=\"https:\/\/aims-cameroon.org\/fr\/baobab-summit-2025\/\" title=\"Lire l&#039;article complet\" class=\"link-button\"> Lire la suite <\/a>\n\n<\/div>    <\/div>\n  \n\n<\/div>\n\n\n\n\n\n\n\t\t\t\n\n\n\n\t\t\n\n\n\n\n\n\n\n\n\n\n\n\n <div class=\"blog-card col-lg-4 col-md-6\">\n<div class=\"blog-card-inner shadow\">\n\n\n\n\n  <div class=\"blog-card-top img-bg\" style=\"background-image: url(https:\/\/aims-cameroon.org\/wp-content\/uploads\/sites\/6\/2025\/10\/Congratulations.jpg )\"> \n\n\n<div class=\"article-tag\">  <\/div>\n\n<\/div>\n\n\n\n\n<div class=\"blog-card-bottom  pad-5\"> \n\n    <h3 class=\"center-text\"> <strong>Sonter Caleb et Tendresse D\u00e9sir\u00e9 \u00e9lus repr\u00e9sentants de classe pour la cohorte AIMS Cameroun 2025\/2026<\/strong> <\/h3>\n    \n<p>AIMS Cameroun est fier d&#039;annoncer l&#039;\u00e9lection de Sonter Caleb et Tendresse D\u00e9sir\u00e9 comme d\u00e9l\u00e9gu\u00e9s de classe pour la promotion 2025\/2026. Leur \u00e9lection, qui s&#039;est tenue le 20 octobre 2025, a marqu\u00e9\u2026<\/p>\n\n                     <a href=\"https:\/\/aims-cameroon.org\/fr\/class-representatives-2025-2026-cohort\/\" title=\"Lire l&#039;article complet\" class=\"link-button\"> Lire la suite <\/a>\n\n<\/div>    <\/div>\n  \n\n<\/div>\n\n\n\n\n\n\n\t\t\t\n\n\n\n\t\t\n\n\n\n\n\n\n\n\n\n\n\n\n <div class=\"blog-card col-lg-4 col-md-6\">\n<div class=\"blog-card-inner shadow\">\n\n\n\n\n  <div class=\"blog-card-top img-bg\" style=\"background-image: url(https:\/\/aims-cameroon.org\/wp-content\/uploads\/sites\/6\/2025\/07\/feature-students-laptops-tender.jpeg )\"> \n\n\n<div class=\"article-tag\">  <\/div>\n\n<\/div>\n\n\n\n\n<div class=\"blog-card-bottom  pad-5\"> \n\n    <h3 class=\"center-text\"> Appel d&#039;offres : Fourniture d&#039;ordinateurs portables aux \u00e9tudiants <\/h3>\n    \n<p>(Unit\u00e9s neuves ou remises \u00e0 neuf par des professionnels de haute qualit\u00e9 bienvenues) [Afin d&#039;\u00e9quiper la prochaine promotion d&#039;\u00e9tudiants, AIMS Cameroun invite les fournisseurs et les \u00e9quipementiers qualifi\u00e9s \u00e0 soumettre des offres pour la fourniture, la livraison et...<\/p>\n\n                     <a href=\"https:\/\/aims-cameroon.org\/fr\/call-for-tenders-supply-of-laptops-for-students\/\" title=\"Lire l&#039;article complet\" class=\"link-button\"> Lire la suite <\/a>\n\n<\/div>    <\/div>\n  \n\n<\/div>\n\n\n\n\n\n\n\t\t\t\n\n\n\n\t\t\n\n\n\n\n\n\n\n\n\n\n\n\n <div class=\"blog-card col-lg-4 col-md-6\">\n<div class=\"blog-card-inner shadow\">\n\n\n\n\n  <div class=\"blog-card-top img-bg\" style=\"background-image: url(https:\/\/aims-cameroon.org\/wp-content\/uploads\/sites\/6\/2025\/04\/WQD-small.png )\"> \n\n\n<div class=\"article-tag\">  <\/div>\n\n<\/div>\n\n\n\n\n<div class=\"blog-card-bottom  pad-5\"> \n\n    <h3 class=\"center-text\"> C\u00e9l\u00e9bration de la Journ\u00e9e mondiale du quantique <strong>\u2013 L\u2019avenir quantique de l\u2019Afrique\u00a0: opportunit\u00e9s, d\u00e9fis et strat\u00e9gies<\/strong> <\/h3>\n    \n<p>Rejoignez-nous le 14 avril \u00e0 10h (heure d&#039;Afrique de l&#039;Ouest) pour c\u00e9l\u00e9brer la Journ\u00e9e mondiale de l&#039;informatique quantique, un \u00e9v\u00e9nement d\u00e9di\u00e9 \u00e0 la promotion des sciences et technologies quantiques. Cette ann\u00e9e, nous nous int\u00e9ressons particuli\u00e8rement \u00e0 l&#039;Afrique et \u00e0 son d\u00e9veloppement\u2026<\/p>\n\n                     <a href=\"https:\/\/aims-cameroon.org\/fr\/world-quantum-day-celebration\/\" title=\"Lire l&#039;article complet\" class=\"link-button\"> Lire la suite <\/a>\n\n<\/div>    <\/div>\n  \n\n<\/div>\n\n\n\n\n\n\n\t\t\t\n\n\n\n\t\t\n\n\n\n\n\n\n\n\n\n\n\n\n <div class=\"blog-card col-lg-4 col-md-6\">\n<div class=\"blog-card-inner shadow\">\n\n\n\n\n\n \n    <div class=\"blog-card-top img-bg placeholder\" style=\"background-image: url(https:\/\/aims-cameroon.org\/wp-content\/uploads\/2020\/09\/African-Institute-for-Mathematical-Sciences-AIMS-Our-story-1.jpg )\"> <div class=\"placeholder-bg bg-alt\"> <\/div> <h3 class=\"white-text\">\n        \n        Article de blog\n    <\/h3> <\/div>\n\n\n\n\n\n\n\n\n\n\n<div class=\"blog-card-bottom  pad-5\"> \n\n    <h3 class=\"center-text\"> AIMS et AKADEMIYA2063 s&#039;associent pour faire progresser le programme de d\u00e9veloppement de l&#039;Afrique. <\/h3>\n    \n<p>Kigali, le 28 mars 2025 \u2013 L\u2019Institut africain des sciences math\u00e9matiques (AIMS) et AKADEMIYA2063 ont officiellement sign\u00e9 un protocole d\u2019accord (MoU) visant \u00e0 promouvoir la recherche fond\u00e9e sur des donn\u00e9es probantes, l\u2019innovation et les technologies qui\u2026<\/p>\n\n                     <a href=\"https:\/\/aims-cameroon.org\/fr\/aims-and-akademiya2063-partner\/\" title=\"Lire l&#039;article complet\" class=\"link-button\"> Lire la suite <\/a>\n\n<\/div>    <\/div>\n  \n\n<\/div>\n\n\n\n\n\n\n\t\t\t\n\n\n\n\t\t\n\n\n\n\n\n\n\n\n\n\n\n\n <div class=\"blog-card col-lg-4 col-md-6\">\n<div class=\"blog-card-inner shadow\">\n\n\n\n\n\n \n    <div class=\"blog-card-top img-bg placeholder\" style=\"background-image: url(https:\/\/aims-cameroon.org\/wp-content\/uploads\/2020\/09\/African-Institute-for-Mathematical-Sciences-AIMS-Our-story-1.jpg )\"> <div class=\"placeholder-bg bg-alt\"> <\/div> <h3 class=\"white-text\">\n        \n        Article de blog\n    <\/h3> <\/div>\n\n\n\n\n\n\n\n\n\n\n<div class=\"blog-card-bottom  pad-5\"> \n\n    <h3 class=\"center-text\"> C\u00e9l\u00e9brer le soutien et l&#039;\u00e9quilibre : le parcours d&#039;un \u00e9tudiant avec la Fondation Mastercard <\/h3>\n    \n<p>Dans la vie d&#039;un \u00e9tudiant assidu, l&#039;arriv\u00e9e d&#039;un enfant peut apporter \u00e0 la fois joie et d\u00e9fis. Gr\u00e2ce \u00e0 la Fondation Mastercard, une \u00e9tudiante kenyane remarquable, Lentikaa...<\/p>\n\n                     <a href=\"https:\/\/aims-cameroon.org\/fr\/celebrating-support-and-balance\/\" title=\"Lire l&#039;article complet\" class=\"link-button\"> Lire la suite <\/a>\n\n<\/div>    <\/div>\n  \n\n<\/div>\n\n\n\n\n\n\n\t\t\t\n\t<div class=\"pagination\">\n<div class=\"paginate-inner\">\t<span class=\"page-tag\"><\/span>\n\t\t<span aria-current=\"page\" class=\"page-numbers current\">1<\/span>\n<a class=\"page-numbers\" href=\"https:\/\/aims-cameroon.org\/fr\/newsroom\/?sf_paged=2\">2<\/a>\n<a class=\"page-numbers\" href=\"https:\/\/aims-cameroon.org\/fr\/newsroom\/?sf_paged=3\">3<\/a>\n<span class=\"page-numbers dots\">\u2026<\/span>\n<a class=\"page-numbers\" href=\"https:\/\/aims-cameroon.org\/fr\/newsroom\/?sf_paged=25\">25<\/a>\n<a class=\"next page-numbers\" href=\"https:\/\/aims-cameroon.org\/fr\/newsroom\/?sf_paged=2\">Suivant &quot;<\/a><\/div>\n\t<\/div>\n\t<\/div>\n<\/div><\/div>\n\n\n\n<div class=\"wp-block-advgb-tab advgb-tab-body-container flex-grp\"><div class=\"advgb-tab-body-header\">presse<\/div><div class=\"advgb-tab-_8c3d6c-33 advgb-tab-body\" aria-labelledby=\"advgb-tabs-tab1\"><div class=\"search-filter-results\" id=\"search-filter-results-357\">\t\n\t\n\t<div class=\"pagination\">\n\t\t\t<\/div>\n\t\n\t\t\n\n\n\n\t\t\n\n\n\n\n\n\n\n\n\n\n\n\n <div class=\"blog-card col-lg-4 col-md-6\">\n<div class=\"blog-card-inner shadow\">\n\n\n\n\n\n \n    <div class=\"blog-card-top img-bg placeholder\" style=\"background-image: url(https:\/\/aims-cameroon.org\/wp-content\/uploads\/2020\/09\/African-Institute-for-Mathematical-Sciences-AIMS-Our-story-1.jpg )\"> <div class=\"placeholder-bg bg-alt\"> <\/div> <h3 class=\"white-text\">\n        \n        Article de blog\n    <\/h3> <\/div>\n\n\n\n\n\n    <div class=\"blog-card-top img-bg placeholder\" style=\"background-image: url(https:\/\/aims-cameroon.org\/wp-content\/uploads\/2020\/09\/Amended-Layouts_Page_33_Image_0001-scaled.jpg )\"> <div class=\"placeholder-bg bg-alt\"> <\/div> <h3 class=\"white-text\">\n        \n        Article de presse\n    <\/h3> <\/div>\n\n\n\n\n\n\n\n\n<div class=\"blog-card-bottom  pad-5\"> \n\n    <h3 class=\"center-text\"> AIMS-Cameroon Welcomes the 2026\/2027 Cohort with a Strong Call for Excellence, Integrity and Pan-Africanism <\/h3>\n    \n<p>The African Institute for Mathematical Sciences (AIMS) Cameroon has welcomed 100 new students for the 2026\/2027 academic year, marking the beginning of another exciting chapter in the academic and personal...<\/p>\n\n                     <a href=\"https:\/\/aims-cameroon.org\/fr\/aims-cameroon-welcomes-the-2026-2027-cohort\/\" title=\"Lire l&#039;article complet\" class=\"link-button\"> Lire la suite <\/a>\n\n<\/div>    <\/div>\n  \n\n<\/div>\n\n\n\n\n\n\n\t\t\t\n\n\n\n\t\t\n\n\n\n\n\n\n\n\n\n\n\n\n <div class=\"blog-card col-lg-4 col-md-6\">\n<div class=\"blog-card-inner shadow\">\n\n\n\n\n  <div class=\"blog-card-top img-bg\" style=\"background-image: url(https:\/\/aims-cameroon.org\/wp-content\/uploads\/sites\/6\/2026\/08\/Graduation-Class-of-2026_DSC1052.jpg )\"> \n\n\n<div class=\"article-tag\">  <\/div>\n\n<\/div>\n\n\n\n\n<div class=\"blog-card-bottom  pad-5\"> \n\n    <h3 class=\"center-text\"> AIMS Cameroun dipl\u00f4me 62 \u00e9tudiants de master en sciences math\u00e9matiques <\/h3>\n    \n<p>Le 25 juin 2026, l&#039;AIMS Cameroun a c\u00e9l\u00e9br\u00e9 la remise des dipl\u00f4mes de 62 \u00e9tudiants de master en sciences math\u00e9matiques lors d&#039;une c\u00e9r\u00e9monie organis\u00e9e sur son campus permanent \u00e0 Ngeme, Limb\u00e9. Cette c\u00e9r\u00e9monie a marqu\u00e9\u2026<\/p>\n\n                     <a href=\"https:\/\/aims-cameroon.org\/fr\/aims-cameroon-graduates-62-masters-students-in-mathematical-sciences\/\" title=\"Lire l&#039;article complet\" class=\"link-button\"> Lire la suite <\/a>\n\n<\/div>    <\/div>\n  \n\n<\/div>\n\n\n\n\n\n\n\t\t\t\n\n\n\n\t\t\n\n\n\n\n\n\n\n\n\n\n\n\n <div class=\"blog-card col-lg-4 col-md-6\">\n<div class=\"blog-card-inner shadow\">\n\n\n\n\n  <div class=\"blog-card-top img-bg\" style=\"background-image: url(https:\/\/aims-cameroon.org\/wp-content\/uploads\/sites\/6\/2024\/10\/banner-neil-cosmos3.png )\"> \n\n\n<div class=\"article-tag\">  <\/div>\n\n<\/div>\n\n\n\n\n<div class=\"blog-card-bottom  pad-5\"> \n\n    <h3 class=\"center-text\"> Une nouvelle perspective sur le cosmos\u00a0: la simplicit\u00e9 est-elle la cl\u00e9 pour comprendre notre univers\u00a0? <\/h3>\n    \n<p>Dans le paysage cosmologique actuel, nous nous trouvons face \u00e0 un paradoxe. Malgr\u00e9 des d\u00e9cennies de progr\u00e8s th\u00e9oriques, nos t\u00e9lescopes les plus puissants et le Grand collisionneur de hadrons sugg\u00e8rent que l&#039;univers\u2026<\/p>\n\n                     <a href=\"https:\/\/aims-cameroon.org\/fr\/a-new-perspective-on-the-cosmos\/\" title=\"Lire l&#039;article complet\" class=\"link-button\"> Lire la suite <\/a>\n\n<\/div>    <\/div>\n  \n\n<\/div>\n\n\n\n\n\n\n\t\t\t\n\n\n\n\t\t\n\n\n\n\n\n\n\n\n\n\n\n\n <div class=\"blog-card col-lg-4 col-md-6\">\n<div class=\"blog-card-inner shadow\">\n\n\n\n\n  <div class=\"blog-card-top img-bg\" style=\"background-image: url(https:\/\/aims-cameroon.org\/wp-content\/uploads\/sites\/6\/2023\/11\/election-delegates2.png )\"> \n\n\n<div class=\"article-tag\">  <\/div>\n\n<\/div>\n\n\n\n\n<div class=\"blog-card-bottom  pad-5\"> \n\n    <h3 class=\"center-text\"> \u00c9lection des d\u00e9l\u00e9gu\u00e9s de classe : Promotion 2023 <\/h3>\n    \n<p>L&#039;\u00e9lection \u00e9tant l&#039;un des piliers essentiels de la d\u00e9mocratie, c&#039;est par le biais de ce syst\u00e8me d\u00e9mocratique que les \u00e9tudiants d&#039;AIMS Cameroun choisissent deux repr\u00e9sentants de leur choix qui, selon eux, ont...<\/p>\n\n                     <a href=\"https:\/\/aims-cameroon.org\/fr\/election-of-class-representatives-class-of-2023\/\" title=\"Lire l&#039;article complet\" class=\"link-button\"> Lire la suite <\/a>\n\n<\/div>    <\/div>\n  \n\n<\/div>\n\n\n\n\n\n\n\t\t\t\n\n\n\n\t\t\n\n\n\n\n\n\n\n\n\n\n\n\n <div class=\"blog-card col-lg-4 col-md-6\">\n<div class=\"blog-card-inner shadow\">\n\n\n\n\n  <div class=\"blog-card-top img-bg\" style=\"background-image: url(https:\/\/aims-cameroon.org\/wp-content\/uploads\/sites\/6\/2023\/11\/02-pic5_Yala-scaled.jpg )\"> \n\n\n<div class=\"article-tag\">  <\/div>\n\n<\/div>\n\n\n\n\n<div class=\"blog-card-bottom  pad-5\"> \n\n    <h3 class=\"center-text\"> AIMS-Cameroun accueille le professeur Sam Yala, pr\u00e9sident du r\u00e9seau mondial AIMS. <\/h3>\n    \n<p>Le 16 octobre 2023, AIMS Cameroun a eu l&#039;honneur d&#039;accueillir le professeur Sam Yala, pr\u00e9sident du r\u00e9seau mondial AIMS. La visite du professeur Yala \u00e9tait un \u00e9v\u00e9nement tr\u00e8s attendu et a permis\u2026<\/p>\n\n                     <a href=\"https:\/\/aims-cameroon.org\/fr\/aims-cameroon-welcomes-the-aims-global-network-president-prof-sam-yala\/\" title=\"Lire l&#039;article complet\" class=\"link-button\"> Lire la suite <\/a>\n\n<\/div>    <\/div>\n  \n\n<\/div>\n\n\n\n\n\n\n\t\t\t\n\n\n\n\t\t\n\n\n\n\n\n\n\n\n\n\n\n\n <div class=\"blog-card col-lg-4 col-md-6\">\n<div class=\"blog-card-inner shadow\">\n\n\n\n\n  <div class=\"blog-card-top img-bg\" style=\"background-image: url(https:\/\/aims-cameroon.org\/wp-content\/uploads\/sites\/6\/2023\/11\/Signing-of-Revised-Establishment-Agreement-Gov.-of-Cameroon-AIMS-NEI-Oct-19-2023-scaled.jpg )\"> \n\n\n<div class=\"article-tag\">  <\/div>\n\n<\/div>\n\n\n\n\n<div class=\"blog-card-bottom  pad-5\"> \n\n    <h3 class=\"center-text\"> Signature de l&#039;accord d&#039;\u00e9tablissement r\u00e9vis\u00e9 et du troisi\u00e8me m\u00e9morandum d&#039;entente entre AIMS-Cameroun et le gouvernement du Cameroun <\/h3>\n    \n<p>\u00c0 l&#039;occasion de la signature de l&#039;accord d&#039;\u00e9tablissement r\u00e9vis\u00e9 et du deuxi\u00e8me renouvellement du m\u00e9morandum d&#039;entente entre AIMS-Cameroun et le Gouvernement du Cameroun, le Professeur Dr....<\/p>\n\n                     <a href=\"https:\/\/aims-cameroon.org\/fr\/signature-of-the-revised-establishment-agreement-and-third-memorandum-of-understanding-between-aims-cameroon-and-the-government-of-cameroon\/\" title=\"Lire l&#039;article complet\" class=\"link-button\"> Lire la suite <\/a>\n\n<\/div>    <\/div>\n  \n\n<\/div>\n\n\n\n\n\n\n\t\t\t\n\n\n\n\t\t\n\n\n\n\n\n\n\n\n\n\n\n\n <div class=\"blog-card col-lg-4 col-md-6\">\n<div class=\"blog-card-inner shadow\">\n\n\n\n\n  <div class=\"blog-card-top img-bg\" style=\"background-image: url(https:\/\/aims-cameroon.org\/wp-content\/uploads\/sites\/6\/2021\/08\/lenovo.jpg )\"> \n\n\n<div class=\"article-tag\">  <\/div>\n\n<\/div>\n\n\n\n\n<div class=\"blog-card-bottom  pad-5\"> \n\n    <h3 class=\"center-text\"> Demande de devis pour de nouveaux ordinateurs portables <\/h3>\n    \n<p>L&#039;Institut africain des sciences math\u00e9matiques (AIMS) Cameroun vous prie de bien vouloir lui faire parvenir votre meilleure offre ferme pour des ordinateurs portables Lenovo ThinkPad E14 \u00e0 livrer sur son campus de Crystal Gardens, BP 608, Limb\u00e9, Cameroun m\u00e9ridional...<\/p>\n\n                     <a href=\"https:\/\/aims-cameroon.org\/fr\/request-for-quotation-for-new-laptops\/\" title=\"Lire l&#039;article complet\" class=\"link-button\"> Lire la suite <\/a>\n\n<\/div>    <\/div>\n  \n\n<\/div>\n\n\n\n\n\n\n\t\t\t\n\n\n\n\t\t\n\n\n\n\n\n\n\n\n\n\n\n\n <div class=\"blog-card col-lg-4 col-md-6\">\n<div class=\"blog-card-inner shadow\">\n\n\n\n\n  <div class=\"blog-card-top img-bg\" style=\"background-image: url(https:\/\/aims-cameroon.org\/wp-content\/uploads\/sites\/6\/2021\/04\/Picture1.png )\"> \n\n\n<div class=\"article-tag\">  <\/div>\n\n<\/div>\n\n\n\n\n<div class=\"blog-card-bottom  pad-5\"> \n\n    <h3 class=\"center-text\"> L&#039;AIMS Cameroun accueillera le laur\u00e9at de la bourse Humboldt Feodor-Lynen <\/h3>\n    \n<p>Limbe, 05 avril 2021 - La Fondation Alexander von Humboldt a d\u00e9cern\u00e9 au Dr Mme Floriane Mefo Kue, math\u00e9maticienne d&#039;origine camerounaise, la prestigieuse bourse de recherche Feodor Lynen pour un ...<\/p>\n\n                     <a href=\"https:\/\/aims-cameroon.org\/fr\/aims-cameroon-to-host-humboldt-feodor-lynen-fellowship-laureate\/\" title=\"Lire l&#039;article complet\" class=\"link-button\"> Lire la suite <\/a>\n\n<\/div>    <\/div>\n  \n\n<\/div>\n\n\n\n\n\n\n\t\t\t\n\n\n\n\t\t\n\n\n\n\n\n\n\n\n\n\n\n\n <div class=\"blog-card col-lg-4 col-md-6\">\n<div class=\"blog-card-inner shadow\">\n\n\n\n\n  <div class=\"blog-card-top img-bg\" style=\"background-image: url(https:\/\/aims-cameroon.org\/wp-content\/uploads\/sites\/6\/2021\/03\/Mentorship-Agreement.jpg )\"> \n\n\n<div class=\"article-tag\">  <\/div>\n\n<\/div>\n\n\n\n\n<div class=\"blog-card-bottom  pad-5\"> \n\n    <h3 class=\"center-text\"> L&#039;AIMS-Cameroun signe un accord de mentorat avec l&#039;Universit\u00e9 de Buea <\/h3>\n    \n<p>Le directeur acad\u00e9mique du r\u00e9seau mondial AIMS et pr\u00e9sident du centre d&#039;AIMS Cameroun, le professeur Mama Foupouagnigni et le vice-chancelier de l&#039;Universit\u00e9 de Buea, le professeur Ngomo Horace Manga ...<\/p>\n\n                     <a href=\"https:\/\/aims-cameroon.org\/fr\/aims-cameroon-signs-mentorship-agreement-with-the-university-of-buea\/\" title=\"Lire l&#039;article complet\" class=\"link-button\"> Lire la suite <\/a>\n\n<\/div>    <\/div>\n  \n\n<\/div>\n\n\n\n\n\n\n\t\t\t\n\t<div class=\"pagination\">\n<div class=\"paginate-inner\">\t<span class=\"page-tag\"><\/span>\n\t\t<span aria-current=\"page\" class=\"page-numbers current\">1<\/span>\n<a class=\"page-numbers\" href=\"https:\/\/aims-cameroon.org\/fr\/newsroom\/?sf_paged=2\">2<\/a>\n<a class=\"next page-numbers\" href=\"https:\/\/aims-cameroon.org\/fr\/newsroom\/?sf_paged=2\">Suivant &quot;<\/a><\/div>\n\t<\/div>\n\t<\/div>\n<\/div><\/div>\n\n\n\n<div class=\"wp-block-advgb-tab advgb-tab-body-container flex-grp\"><div class=\"advgb-tab-body-header\">M\u00e9dias<\/div><div class=\"advgb-tab-_c13518-4a advgb-tab-body\" aria-labelledby=\"advgb-tabs-tab2\"><div class=\"search-filter-results\" id=\"search-filter-results-362\">\t\n\t\n\t<div class=\"pagination\">\n\t\t\t<\/div>\n\t\n\t\t\n\n\n\n\t\t\n\n\n\n\n\n\n\n\n\n\n\n\n <div class=\"blog-card col-lg-4 col-md-6\">\n<div class=\"blog-card-inner shadow\">\n\n\n\n<div class=\"blog-card-top\"> \n\n  <div class=\"blog-youtube\"> \n    \n<iframe width=\"100%\" height=\"350px\"\nsrc=\"https:\/\/www.youtube.com\/embed\/HiCekSqxbhQ\">\n<\/iframe> \n  \n  <\/div>\n      \n  \n  \n\n<\/div>\n\n\n<div class=\"blog-card-bottom  pad-5\"> \n\n    <h3 class=\"center-text\"> Chanson de bienvenue du PDG d&#039;AIMS par les \u00e9tudiants de l&#039;AIMS Cameroun <\/h3>\n    \n<p><\/p>\n\n                     <a href=\"https:\/\/aims-cameroon.org\/fr\/aims-ceos-welcome-song-by-aims-cameroon-students\/\" title=\"Lire l&#039;article complet\" class=\"link-button\"> Lire la suite <\/a>\n\n<\/div>    <\/div>\n  \n\n<\/div>\n\n\n\n\n\n\n\t\t\t\n\n\n\n\t\t\n\n\n\n\n\n\n\n\n\n\n\n\n <div class=\"blog-card col-lg-4 col-md-6\">\n<div class=\"blog-card-inner shadow\">\n\n\n\n<div class=\"blog-card-top\"> \n\n  <div class=\"blog-youtube\"> \n    \n<iframe width=\"100%\" height=\"350px\"\nsrc=\"https:\/\/www.youtube.com\/embed\/G0X1rsoTqYU\">\n<\/iframe> \n  \n  <\/div>\n      \n  \n  \n\n<\/div>\n\n\n<div class=\"blog-card-bottom  pad-5\"> \n\n    <h3 class=\"center-text\"> Message du PDG d&#039;AIMS \u00e0 l&#039;occasion de la c\u00e9l\u00e9bration de la Journ\u00e9e internationale des femmes et des filles dans la science. <\/h3>\n    \n<p><\/p>\n\n                     <a href=\"https:\/\/aims-cameroon.org\/fr\/aims-ceos-message-on-the-celebration-of-the-international-day-for-women-and-girls-in-science\/\" title=\"Lire l&#039;article complet\" class=\"link-button\"> Lire la suite <\/a>\n\n<\/div>    <\/div>\n  \n\n<\/div>\n\n\n\n\n\n\n\t\t\t\n\n\n\n\t\t\n\n\n\n\n\n\n\n\n\n\n\n\n <div class=\"blog-card col-lg-4 col-md-6\">\n<div class=\"blog-card-inner shadow\">\n\n\n\n<div class=\"blog-card-top\"> \n\n  <div class=\"blog-youtube\"> \n    \n<iframe width=\"100%\" height=\"350px\"\nsrc=\"https:\/\/www.youtube.com\/embed\/FpJ98_3sLug\">\n<\/iframe> \n  \n  <\/div>\n      \n  \n  \n\n<\/div>\n\n\n<div class=\"blog-card-bottom  pad-5\"> \n\n    <h3 class=\"center-text\"> Film AIMS pour l&#039;Afrique <\/h3>\n    \n<p>L&#039;Institut africain des sciences math\u00e9matiques (AIMS) est un r\u00e9seau panafricain de centres d&#039;excellence qui permet aux \u00e9tudiants les plus brillants d&#039;Afrique de devenir des innovateurs qui propulsent l&#039;autosuffisance scientifique, \u00e9ducative et \u00e9conomique.<\/p>\n\n                     <a href=\"https:\/\/aims-cameroon.org\/fr\/aims-for-africa-movie\/\" title=\"Lire l&#039;article complet\" class=\"link-button\"> Lire la suite <\/a>\n\n<\/div>    <\/div>\n  \n\n<\/div>\n\n\n\n\n\n\n\t\t\t\n\n\n\n\t\t\n\n\n\n\n\n\n\n\n\n\n\n\n <div class=\"blog-card col-lg-4 col-md-6\">\n<div class=\"blog-card-inner shadow\">\n\n\n\n<div class=\"blog-card-top\"> \n\n  <div class=\"blog-youtube\"> \n    \n<iframe width=\"100%\" height=\"350px\"\nsrc=\"https:\/\/www.youtube.com\/embed\/hyGoRk5ooNI\">\n<\/iframe> \n  \n  <\/div>\n      \n  \n  \n\n<\/div>\n\n\n<div class=\"blog-card-bottom  pad-5\"> \n\n    <h3 class=\"center-text\"> AIMS- Le programme de formation des enseignants (TTP) lance une clinique de math\u00e9matiques <\/h3>\n    \n<p>Le programme de formation des enseignants AIMS (TTP) lance son programme d&#039;engagement du public, la clinique de math\u00e9matiques, dont le but est d&#039;am\u00e9liorer l&#039;appr\u00e9ciation et la prestation des math\u00e9matiques parmi les enseignants et les \u00e9tudiants.<\/p>\n\n                     <a href=\"https:\/\/aims-cameroon.org\/fr\/aims-teacher-training-program-ttp-launches-maths-clinic\/\" title=\"Lire l&#039;article complet\" class=\"link-button\"> Lire la suite <\/a>\n\n<\/div>    <\/div>\n  \n\n<\/div>\n\n\n\n\n\n\n\t\t\t\n\t<div class=\"pagination\">\n<div class=\"paginate-inner\">\t<span class=\"page-tag\"><\/span>\n\t\t<\/div>\n\t<\/div>\n\t<\/div>\n<\/div><\/div>\n<\/div><\/div>\n<\/div><\/div>\n<style class=\"advgb-styles-renderer\">.advgb-tabs-70bfb15b-b985-4a8d-83c9-266c84135545 ul.advgb-tabs-panel li.advgb-tab.advgb-tab-active {background-color:#f08c21 !important;color:#fff !important;}#advgb-tabs-70bfb15b-b985-4a8d-83c9-266c84135545 .advgb-tab-body-header.header-active, .advgb-tabs-70bfb15b-b985-4a8d-83c9-266c84135545 .advgb-tab-body-header.header-active{background-color:#f08c21 !important;color:#fff !important;}<\/style>","protected":false},"excerpt":{"rendered":"","protected":false},"author":1,"featured_media":5473,"parent":0,"menu_order":0,"comment_status":"closed","ping_status":"closed","template":"","meta":{"advgb_blocks_editor_width":"","advgb_blocks_columns_visual_guide":""},"acf":[],"coauthors":[],"author_meta":{"author_link":"https:\/\/aims-cameroon.org\/fr\/author\/chris\/","display_name":"chris"},"relative_dates":{"created":"Publi\u00e9 6 ans il y a","modified":"Mis \u00e0 jour 5 ans il y a"},"absolute_dates":{"created":"Publi\u00e9 le septembre 22, 2020","modified":"Mise \u00e0 jour le septembre 28, 2021"},"absolute_dates_time":{"created":"Publi\u00e9 le septembre 22, 2020 12:43  ","modified":"Mise \u00e0 jour le septembre 28, 2021 11:47  "},"featured_img_caption":"","featured_img":"https:\/\/aims-cameroon.org\/wp-content\/uploads\/sites\/6\/2021\/08\/lenovo.jpg","series_order":"","_links":{"self":[{"href":"https:\/\/aims-cameroon.org\/fr\/wp-json\/wp\/v2\/pages\/351"}],"collection":[{"href":"https:\/\/aims-cameroon.org\/fr\/wp-json\/wp\/v2\/pages"}],"about":[{"href":"https:\/\/aims-cameroon.org\/fr\/wp-json\/wp\/v2\/types\/page"}],"author":[{"embeddable":true,"href":"https:\/\/aims-cameroon.org\/fr\/wp-json\/wp\/v2\/users\/1"}],"replies":[{"embeddable":true,"href":"https:\/\/aims-cameroon.org\/fr\/wp-json\/wp\/v2\/comments?post=351"}],"version-history":[{"count":25,"href":"https:\/\/aims-cameroon.org\/fr\/wp-json\/wp\/v2\/pages\/351\/revisions"}],"predecessor-version":[{"id":7578,"href":"https:\/\/aims-cameroon.org\/fr\/wp-json\/wp\/v2\/pages\/351\/revisions\/7578"}],"wp:featuredmedia":[{"embeddable":true,"href":"https:\/\/aims-cameroon.org\/fr\/wp-json\/wp\/v2\/media\/5473"}],"wp:attachment":[{"href":"https:\/\/aims-cameroon.org\/fr\/wp-json\/wp\/v2\/media?parent=351"}],"curies":[{"name":"wp","href":"https:\/\/api.w.org\/{rel}","templated":true}]}}